{"version":"1.0","provider_name":"FuFFES - Freunde und F\u00f6rderer der Fritz-Erler-Schule W\u00f6llstadt e.V.","provider_url":"https:\/\/fuffes.de\/wp","author_name":"CK","author_url":"https:\/\/fuffes.de\/wp\/author\/min\/","title":"Klaus Bergmann f\u00fchrt jetzt F\u00f6rderverein - FuFFES - Freunde und F\u00f6rderer der Fritz-Erler-Schule W\u00f6llstadt e.V.","type":"rich","width":600,"height":338,"html":"<blockquote class=\"wp-embedded-content\" data-secret=\"bsafTZznFW\"><a href=\"https:\/\/fuffes.de\/wp\/2018\/11\/17\/klaus-bergmann-fuehrt-jetzt-foerderverein\/\">Klaus Bergmann f\u00fchrt jetzt F\u00f6rderverein<\/a><\/blockquote><iframe sandbox=\"allow-scripts\" security=\"restricted\" src=\"https:\/\/fuffes.de\/wp\/2018\/11\/17\/klaus-bergmann-fuehrt-jetzt-foerderverein\/embed\/#?secret=bsafTZznFW\" width=\"600\" height=\"338\" title=\"&#8222;Klaus Bergmann f\u00fchrt jetzt F\u00f6rderverein&#8220; &#8211; FuFFES - Freunde und F\u00f6rderer der Fritz-Erler-Schule W\u00f6llstadt e.V.\" data-secret=\"bsafTZznFW\" frameborder=\"0\" marginwidth=\"0\" marginheight=\"0\" scrolling=\"no\" class=\"wp-embedded-content\"><\/iframe><script type=\"text\/javascript\">\n\/* <![CDATA[ *\/\n\/*! This file is auto-generated *\/\n!function(d,l){\"use strict\";l.querySelector&&d.addEventListener&&\"undefined\"!=typeof URL&&(d.wp=d.wp||{},d.wp.receiveEmbedMessage||(d.wp.receiveEmbedMessage=function(e){var t=e.data;if((t||t.secret||t.message||t.value)&&!\/[^a-zA-Z0-9]\/.test(t.secret)){for(var s,r,n,a=l.querySelectorAll('iframe[data-secret=\"'+t.secret+'\"]'),o=l.querySelectorAll('blockquote[data-secret=\"'+t.secret+'\"]'),c=new RegExp(\"^https?:$\",\"i\"),i=0;i<o.length;i++)o[i].style.display=\"none\";for(i=0;i<a.length;i++)s=a[i],e.source===s.contentWindow&&(s.removeAttribute(\"style\"),\"height\"===t.message?(1e3<(r=parseInt(t.value,10))?r=1e3:~~r<200&&(r=200),s.height=r):\"link\"===t.message&&(r=new URL(s.getAttribute(\"src\")),n=new URL(t.value),c.test(n.protocol))&&n.host===r.host&&l.activeElement===s&&(d.top.location.href=t.value))}},d.addEventListener(\"message\",d.wp.receiveEmbedMessage,!1),l.addEventListener(\"DOMContentLoaded\",function(){for(var e,t,s=l.querySelectorAll(\"iframe.wp-embedded-content\"),r=0;r<s.length;r++)(t=(e=s[r]).getAttribute(\"data-secret\"))||(t=Math.random().toString(36).substring(2,12),e.src+=\"#?secret=\"+t,e.setAttribute(\"data-secret\",t)),e.contentWindow.postMessage({message:\"ready\",secret:t},\"*\")},!1)))}(window,document);\n\/\/# sourceURL=https:\/\/fuffes.de\/wp\/wp-includes\/js\/wp-embed.min.js\n\/* ]]> *\/\n<\/script>\n","thumbnail_url":"https:\/\/fuffes.de\/wp\/wp-content\/uploads\/2018\/11\/neuerVSBeitrag.jpg","thumbnail_width":602,"thumbnail_height":353,"description":"Pressemitteilung\u00a0von Jens Aillaud Der Verein \u00bbFreunde und F\u00f6rderer der Fritz-Erler-Schule\u00ab lud zu seiner Jahreshauptversammlung ein. Traditionell finden diese in der Schule statt und nicht nur zahlreiche Mitglieder, sondern auch die Schulleitung, Lehrer sowie Mitarbeiterinnen der Betreuung waren erschienen. Der gesamte Vorstand musste neu gew\u00e4hlt werden."}